{"id":1040,"date":"2021-03-11T10:16:33","date_gmt":"2021-03-11T13:16:33","guid":{"rendered":"https:\/\/cml-bue.infd.edu.ar\/sitio\/?page_id=1040"},"modified":"2026-02-12T10:29:42","modified_gmt":"2026-02-12T13:29:42","slug":"cursada-libre","status":"publish","type":"page","link":"https:\/\/cml-bue.infd.edu.ar\/sitio\/cursada-libre\/","title":{"rendered":"CICLO MEDIO"},"content":{"rendered":"\n<p class=\"has-text-align-center\">1\u00b0 A\u00f1o<\/p>\n\n\n\n<div class=\"wp-block-columns is-layout-flex wp-container-2\">\n<div class=\"wp-block-column is-layout-flow\" style=\"flex-basis:100%\">\n<figure class=\"wp-block-table\"><table><tbody><tr><td class=\"has-text-align-center\" data-align=\"center\">INSTRUMENTO I<br>1 m\u00f3dulo<\/td><td class=\"has-text-align-center\" data-align=\"center\">LENGUAJE MUSICAL I<br>4 m\u00f3dulos<\/td><\/tr><\/tbody><\/table><\/figure>\n\n\n\n<iframe loading=\"lazy\" src=\"https:\/\/drive.google.com\/file\/d\/13oydFWWjC8ZbrF4ifL7gLECpiEhihG_C\/preview\" width=\"900\" height=\"500\" allow=\"autoplay\"><\/iframe>\n\n\n\n<p>*<\/p>\n\n\n\n<p class=\"has-text-align-center\">2\u00b0 A\u00f1o<\/p>\n\n\n\n<figure class=\"wp-block-table\"><table><tbody><tr><td class=\"has-text-align-center\" data-align=\"center\">INSTRUMENTO II<br>1 m\u00f3dulo<\/td><td class=\"has-text-align-center\" data-align=\"center\">LENGUAJE MUSICAL II<br>4 m\u00f3dulos<\/td><td class=\"has-text-align-center\" data-align=\"center\">INSTRUMENTO ARM\u00d3NICO<br>1 m\u00f3dulo<\/td><td class=\"has-text-align-center\" data-align=\"center\">PR\u00c1CT. DE CONJ. VOCAL E INST. I<br>2 m\u00f3dulos<\/td><td class=\"has-text-align-center\" data-align=\"center\">APRECIACI\u00d3N MUSICAL I<br>2 m\u00f3dulos<\/td><\/tr><\/tbody><\/table><\/figure>\n\n\n\n<iframe loading=\"lazy\" src=\"https:\/\/drive.google.com\/file\/d\/1flZYvoUBzOeu3cXez7DaVW8K9XRehYOx\/preview\" width=\"900\" height=\"500\" allow=\"autoplay\"><\/iframe>\n\n\n\n<p>*<\/p>\n\n\n\n<p class=\"has-text-align-center\">3\u00b0 A\u00f1o<\/p>\n\n\n\n<figure class=\"wp-block-table\"><table><tbody><tr><td class=\"has-text-align-center\" data-align=\"center\">INSTRUMENTO III<br>1 m\u00f3dulo<\/td><td class=\"has-text-align-center\" data-align=\"center\">LENGUAJE MUSICAL III<br>4 m\u00f3dulos<\/td><td class=\"has-text-align-center\" data-align=\"center\">PR\u00c1CTICA CORAL<br>2 m\u00f3dulos<\/td><td class=\"has-text-align-center\" data-align=\"center\">PR\u00c1CT. DE CONJ. VOCAL E INST. II<br>2 m\u00f3dulos<\/td><td class=\"has-text-align-center\" data-align=\"center\">APRECIACI\u00d3N MUSICAL II<br>2 m\u00f3dulos<\/td><\/tr><\/tbody><\/table><\/figure>\n\n\n\n<iframe loading=\"lazy\" src=\"https:\/\/drive.google.com\/file\/d\/1a-osDBjYUfr2WPPvUVuqgencrq2fK4WW\/preview\" width=\"900\" height=\"500\" allow=\"autoplay\"><\/iframe>\n\n\n\n<p class=\"has-text-align-center\"><strong>Qu\u00e9 instrumentos puedo elegir?<br><\/strong>Viol\u00edn<br>Violonchelo<br>Contrabajo<br>Percusi\u00f3n<br>Clarinete<br>Saxof\u00f3n<br>Flauta Traversa<br>Piano<br>Guitarra<\/p>\n<\/div>\n<\/div>\n","protected":false},"excerpt":{"rendered":"<p>1\u00b0 A\u00f1o INSTRUMENTO I1 m\u00f3dulo LENGUAJE MUSICAL I4 m\u00f3dulos * 2\u00b0 A\u00f1o INSTRUMENTO II1 m\u00f3dulo LENGUAJE MUSICAL II4 m\u00f3dulos INSTRUMENTO ARM\u00d3NICO1 m\u00f3dulo PR\u00c1CT. DE CONJ. VOCAL E INST. I2 m\u00f3dulos APRECIACI\u00d3N MUSICAL I2 m\u00f3dulos * 3\u00b0 A\u00f1o INSTRUMENTO III1 m\u00f3dulo LENGUAJE MUSICAL III4 m\u00f3dulos PR\u00c1CTICA CORAL2 m\u00f3dulos PR\u00c1CT. DE CONJ. VOCAL E INST. II2 m\u00f3dulos &#8230; <a title=\"CICLO MEDIO\" class=\"read-more\" href=\"https:\/\/cml-bue.infd.edu.ar\/sitio\/cursada-libre\/\" aria-label=\"More on CICLO MEDIO\">[+]<\/a><\/p>\n","protected":false},"author":14,"featured_media":0,"parent":0,"menu_order":0,"comment_status":"closed","ping_status":"closed","template":"","meta":[],"acf":[],"_links":{"self":[{"href":"https:\/\/cml-bue.infd.edu.ar\/sitio\/wp-json\/wp\/v2\/pages\/1040"}],"collection":[{"href":"https:\/\/cml-bue.infd.edu.ar\/sitio\/wp-json\/wp\/v2\/pages"}],"about":[{"href":"https:\/\/cml-bue.infd.edu.ar\/sitio\/wp-json\/wp\/v2\/types\/page"}],"author":[{"embeddable":true,"href":"https:\/\/cml-bue.infd.edu.ar\/sitio\/wp-json\/wp\/v2\/users\/14"}],"replies":[{"embeddable":true,"href":"https:\/\/cml-bue.infd.edu.ar\/sitio\/wp-json\/wp\/v2\/comments?post=1040"}],"version-history":[{"count":11,"href":"https:\/\/cml-bue.infd.edu.ar\/sitio\/wp-json\/wp\/v2\/pages\/1040\/revisions"}],"predecessor-version":[{"id":2886,"href":"https:\/\/cml-bue.infd.edu.ar\/sitio\/wp-json\/wp\/v2\/pages\/1040\/revisions\/2886"}],"wp:attachment":[{"href":"https:\/\/cml-bue.infd.edu.ar\/sitio\/wp-json\/wp\/v2\/media?parent=1040"}],"curies":[{"name":"wp","href":"https:\/\/api.w.org\/{rel}","templated":true}]}}