{"id":2536,"date":"2025-04-02T23:01:21","date_gmt":"2025-04-03T02:01:21","guid":{"rendered":"https:\/\/cml-bue.infd.edu.ar\/sitio\/?page_id=2536"},"modified":"2026-04-14T11:55:58","modified_gmt":"2026-04-14T14:55:58","slug":"becas-progresar","status":"publish","type":"page","link":"https:\/\/cml-bue.infd.edu.ar\/sitio\/becas-progresar\/","title":{"rendered":"BECAS PROGRESAR"},"content":{"rendered":"\n<p><\/p>\n\n\n\n<p><\/p>\n\n\n\n<p class=\"has-text-align-center has-base-3-color has-accent-background-color has-text-color has-background has-medium-font-size\">\u00a1\u00a1\u00a1\u00a1\u00a1 Les informamos que se est\u00e1n realizando correcciones a la nueva plataforma, si ya te inscribiste consulta en la instituci\u00f3n si fue correctamente realizada !!!!<\/p>\n\n\n\n<p><\/p>\n\n\n\n<p><\/p>\n\n\n\n<p><\/p>\n\n\n\n<h1 class=\"wp-block-heading has-accent-color has-text-color\">Progresar Superior 2026 &#8211; Informaci\u00f3n General<\/h1>\n\n\n\n<h2 class=\"wp-block-heading\">Fomento de la Educaci\u00f3n Superior<\/h2>\n\n\n\n<p id=\"p-rc_3822090058ef5064-17\"><strong>Primera Convocatoria 2026<\/strong> <sup><\/sup><strong>Ministerio de Capital Humano &#8211; Secretar\u00eda de Educaci\u00f3n<\/strong> <sup><\/sup><\/p>\n\n\n\n<hr class=\"wp-block-separator has-alpha-channel-opacity\"\/>\n\n\n\n<h3 class=\"wp-block-heading has-accent-color has-text-color\">\u00bfQu\u00e9 es Progresar?<\/h3>\n\n\n\n<p id=\"p-rc_3822090058ef5064-18\">Es un programa que acompa\u00f1a a los j\u00f3venes para que finalicen la educaci\u00f3n obligatoria, estudien en el nivel superior o se formen profesionalmente<sup><\/sup>.<\/p>\n\n\n\n<p id=\"p-rc_3822090058ef5064-19\"><strong>L\u00edneas de becas:<\/strong> <sup><\/sup><\/p>\n\n\n\n<ul>\n<li>Progresar Obligatorio <sup><\/sup><\/li>\n\n\n\n<li><strong>Progresar Superior <\/strong><\/li>\n\n\n\n<li>Progresar Trabajo <sup><\/sup><\/li>\n<\/ul>\n\n\n\n<p id=\"p-rc_3822090058ef5064-23\"><strong>Objetivos principales:<\/strong> <sup><\/sup><sup><\/sup><sup><\/sup><sup><\/sup><\/p>\n\n\n\n<ul>\n<li>Reforzar la responsabilidad individual.<\/li>\n\n\n\n<li>Fomentar el empoderamiento a trav\u00e9s de la educaci\u00f3n.<\/li>\n\n\n\n<li>Potenciar el capital relacional de los becarios.<\/li>\n\n\n\n<li>Acercar el universo laboral al educativo.<\/li>\n\n\n\n<li>Promover la innovaci\u00f3n para el desarrollo del pa\u00eds.<\/li>\n<\/ul>\n\n\n\n<hr class=\"wp-block-separator has-alpha-channel-opacity\"\/>\n\n\n\n<h3 class=\"wp-block-heading has-accent-color has-text-color\">Requisitos de Inscripci\u00f3n<\/h3>\n\n\n\n<p id=\"p-rc_3822090058ef5064-24\">1. Edad <sup><\/sup><\/p>\n\n\n\n<ul>\n<li><strong>Estudiantes ingresantes:<\/strong> Hasta 25 a\u00f1os<sup><\/sup>.<\/li>\n\n\n\n<li><strong>Estudiantes avanzados:<\/strong> Hasta 30 a\u00f1os<sup><\/sup>.<\/li>\n<\/ul>\n\n\n\n<p id=\"p-rc_3822090058ef5064-27\">2. Ingresos <sup><\/sup><\/p>\n\n\n\n<ul>\n<li>Los ingresos del grupo familiar no deben superar <strong>tres veces<\/strong> el Salario M\u00ednimo Vital y M\u00f3vil<sup><\/sup>.<\/li>\n<\/ul>\n\n\n\n<p id=\"p-rc_3822090058ef5064-29\">3. Requisitos Acad\u00e9micos <sup><\/sup><\/p>\n\n\n\n<ul>\n<li><strong>Ingresantes:<\/strong> Acreditar regularidad<sup><\/sup>.<\/li>\n\n\n\n<li><strong>Estudiantes avanzados:<\/strong> Acreditar regularidad y tener al menos el <strong>50% de las materias aprobadas<\/strong> conforme al plan de estudio y a\u00f1o cursado durante 2025<sup><\/sup>.<\/li>\n<\/ul>\n\n\n\n<hr class=\"wp-block-separator has-alpha-channel-opacity\"\/>\n\n\n\n<h3 class=\"wp-block-heading has-accent-color has-text-color\">Regularidad y Avance Acad\u00e9mico<\/h3>\n\n\n\n<p id=\"p-rc_3822090058ef5064-32\"><strong>Evaluaci\u00f3n durante el ciclo lectivo:<\/strong> <sup><\/sup><\/p>\n\n\n\n<ul>\n<li>Inscripci\u00f3n en al menos 1 espacio curricular anual o 2 cuatrimestrales<sup><\/sup>.<\/li>\n\n\n\n<li>O haber aprobado en condici\u00f3n de libre al menos 2 espacios curriculares<sup><\/sup>.<\/li>\n<\/ul>\n\n\n\n<p id=\"p-rc_3822090058ef5064-35\"><strong>Criterios de aprobaci\u00f3n 2026:<\/strong> <sup><\/sup><\/p>\n\n\n\n<ul>\n<li>Registrar la aprobaci\u00f3n de al menos <strong>4 materias cuatrimestrales o 2 anuales<\/strong> durante el ciclo acad\u00e9mico 2026.<\/li>\n\n\n\n<li>No excederse en m\u00e1s de 2 a\u00f1os respecto a la duraci\u00f3n del plan de estudios<sup><\/sup>.<\/li>\n<\/ul>\n\n\n\n<hr class=\"wp-block-separator has-alpha-channel-opacity\"\/>\n\n\n\n<h3 class=\"wp-block-heading has-accent-color has-text-color\">Montos y Pagos<\/h3>\n\n\n\n<ul>\n<li><strong>Monto total:<\/strong> 12 cuotas mensuales de <strong>$35.000<\/strong><sup><\/sup>.<\/li>\n\n\n\n<li><strong>Ingresantes:<\/strong> Cobran 9 cuotas regulares con una retenci\u00f3n del 20% hasta cumplir las certificaciones<sup><\/sup>.<\/li>\n\n\n\n<li><strong>Avanzados:<\/strong> Cobran la totalidad del monto desde la primera cuota<sup><\/sup>.<\/li>\n\n\n\n<li><strong>Cuotas est\u00edmulo:<\/strong> Ambos grupos recibir\u00e1n 3 cuotas est\u00edmulo tras la Tercera Certificaci\u00f3n<sup><\/sup>.<\/li>\n<\/ul>\n\n\n\n<hr class=\"wp-block-separator has-alpha-channel-opacity\"\/>\n\n\n\n<h3 class=\"wp-block-heading\">Proceso de Inscripci\u00f3n<\/h3>\n\n\n\n<p class=\"has-accent-color has-text-color\" id=\"p-rc_3822090058ef5064-41\" style=\"font-size:50px\"><strong>Fechas:<\/strong> Del <strong>6 al 30 de abril<\/strong> de 2026<sup><\/sup>.<\/p>\n\n\n\n<p id=\"p-rc_3822090058ef5064-42\"><strong>Pasos a seguir:<\/strong> <sup><\/sup><\/p>\n\n\n\n<ol start=\"1\">\n<li>Estar registrado previamente en <strong>Mi Argentina<\/strong><sup><\/sup>.<\/li>\n\n\n\n<li>Ingresar a <a target=\"_blank\" rel=\"noreferrer noopener\" href=\"https:\/\/argentina.gob.ar\/progresar\">argentina.gob.ar\/progresar<\/a><sup><\/sup>.<\/li>\n\n\n\n<li>Acceder con CUIL y contrase\u00f1a de Mi Argentina<sup><\/sup>.<\/li>\n\n\n\n<li>Completar la encuesta y los datos acad\u00e9micos<sup><\/sup>.<\/li>\n\n\n\n<li>Enviar el formulario<sup><\/sup>.<\/li>\n<\/ol>\n\n\n\n<hr class=\"wp-block-separator has-alpha-channel-opacity\"\/>\n\n\n\n<h3 class=\"wp-block-heading\">Informaci\u00f3n Importante y Contacto<\/h3>\n\n\n\n<ul>\n<li><strong>ANSES:<\/strong> Es fundamental tener los datos personales y familiares actualizados en ANSES para la evaluaci\u00f3n de la beca.<\/li>\n<\/ul>\n\n\n\n<p class=\"has-text-align-center\" style=\"font-size:54px\"> <\/p>\n\n\n\n<p><\/p>\n","protected":false},"excerpt":{"rendered":"<p>\u00a1\u00a1\u00a1\u00a1\u00a1 Les informamos que se est\u00e1n realizando correcciones a la nueva plataforma, si ya te inscribiste consulta en la instituci\u00f3n si fue correctamente realizada !!!! Progresar Superior 2026 &#8211; Informaci\u00f3n General Fomento de la Educaci\u00f3n Superior Primera Convocatoria 2026 Ministerio de Capital Humano &#8211; Secretar\u00eda de Educaci\u00f3n \u00bfQu\u00e9 es Progresar? Es un programa que acompa\u00f1a &#8230; <a title=\"BECAS PROGRESAR\" class=\"read-more\" href=\"https:\/\/cml-bue.infd.edu.ar\/sitio\/becas-progresar\/\" aria-label=\"More on BECAS PROGRESAR\">[+]<\/a><\/p>\n","protected":false},"author":322,"featured_media":0,"parent":0,"menu_order":0,"comment_status":"closed","ping_status":"closed","template":"","meta":[],"acf":[],"_links":{"self":[{"href":"https:\/\/cml-bue.infd.edu.ar\/sitio\/wp-json\/wp\/v2\/pages\/2536"}],"collection":[{"href":"https:\/\/cml-bue.infd.edu.ar\/sitio\/wp-json\/wp\/v2\/pages"}],"about":[{"href":"https:\/\/cml-bue.infd.edu.ar\/sitio\/wp-json\/wp\/v2\/types\/page"}],"author":[{"embeddable":true,"href":"https:\/\/cml-bue.infd.edu.ar\/sitio\/wp-json\/wp\/v2\/users\/322"}],"replies":[{"embeddable":true,"href":"https:\/\/cml-bue.infd.edu.ar\/sitio\/wp-json\/wp\/v2\/comments?post=2536"}],"version-history":[{"count":19,"href":"https:\/\/cml-bue.infd.edu.ar\/sitio\/wp-json\/wp\/v2\/pages\/2536\/revisions"}],"predecessor-version":[{"id":3511,"href":"https:\/\/cml-bue.infd.edu.ar\/sitio\/wp-json\/wp\/v2\/pages\/2536\/revisions\/3511"}],"wp:attachment":[{"href":"https:\/\/cml-bue.infd.edu.ar\/sitio\/wp-json\/wp\/v2\/media?parent=2536"}],"curies":[{"name":"wp","href":"https:\/\/api.w.org\/{rel}","templated":true}]}}