{"id":2900,"date":"2025-09-24T10:43:09","date_gmt":"2025-09-24T13:43:09","guid":{"rendered":"https:\/\/cml-bue.infd.edu.ar\/sitio\/?page_id=2900"},"modified":"2026-03-06T18:32:00","modified_gmt":"2026-03-06T21:32:00","slug":"formacion-basica-instrumento","status":"publish","type":"page","link":"https:\/\/cml-bue.infd.edu.ar\/sitio\/formacion-basica-instrumento\/","title":{"rendered":"FOrmacion BAsica (INSTRUMENTO)"},"content":{"rendered":"\n<p>(14 a\u00f1os en adelante) para TECNICATURA DE INSTRUMENTO o <\/p>\n\n\n\n<p>(16 a\u00f1os en adelante) para PROFESORADO DE INSTRUMENTO<\/p>\n\n\n\n<figure class=\"wp-block-table\"><table><tbody><tr><td class=\"has-text-align-center\" data-align=\"center\">LENGUAJE MUSICAL I<br>4 m\u00f3dulos<\/td><td class=\"has-text-align-center\" data-align=\"center\">INSTRUMENTO 1<br>1 m\u00f3dulo<\/td><td class=\"has-text-align-center\" data-align=\"center\">APRECIACI\u00d3N MUSICAL 1<br>2 m\u00f3dulos<\/td><td class=\"has-text-align-center\" data-align=\"center\">PR\u00c1C. DE CONJUNTO VOCAL E INSTRUMENTAL 1<br>2 m\u00f3dulos<\/td><td class=\"has-text-align-center\" data-align=\"center\">PR\u00c1CTICA CORAL<br>2 m\u00f3dulos<\/td><\/tr><\/tbody><\/table><\/figure>\n\n\n\n<p><\/p>\n\n\n\n<p class=\"has-text-align-center\">FOBA 1<\/p>\n\n\n\n<iframe loading=\"lazy\" src=\"https:\/\/drive.google.com\/file\/d\/1-3Lv46QP88vrHW2XbZNnL4k6cTtMECFN\/preview\" width=\"900\" height=\"500\" allow=\"autoplay\"><\/iframe>\n\n\n\n<p>*<\/p>\n\n\n\n<p>FOBA 2<\/p>\n\n\n\n<figure class=\"wp-block-table\"><table><tbody><tr><td class=\"has-text-align-center\" data-align=\"center\">LENGUAJE MUSICAL II<br>4 m\u00f3dulos<\/td><td class=\"has-text-align-center\" data-align=\"center\">INSTRUMENTO 2<br>1 m\u00f3dulo<\/td><td class=\"has-text-align-center\" data-align=\"center\">APRECIACI\u00d3N MUSICAL 2<br>2 m\u00f3dulos<\/td><td class=\"has-text-align-center\" data-align=\"center\">PR\u00c1C. DE CONJUNTO VOCAL E INSTRUMENTAL 2<br>2 m\u00f3dulos<\/td><\/tr><\/tbody><\/table><\/figure>\n\n\n\n<iframe loading=\"lazy\" src=\"https:\/\/drive.google.com\/file\/d\/1n5QZPw0Ofabe6GbvH3F4FQrGkHArLgQ7\/preview\" width=\"900\" height=\"500\" allow=\"autoplay\"><\/iframe>\n\n\n\n<p>*<\/p>\n\n\n\n<p>FOBA 3<\/p>\n\n\n\n<figure class=\"wp-block-table\"><table><tbody><tr><td class=\"has-text-align-center\" data-align=\"center\">LENGUAJE MUSICAL III<br>4 m\u00f3dulos<\/td><td class=\"has-text-align-center\" data-align=\"center\">INSTRUMENTO 3<br>1 m\u00f3dulo<\/td><\/tr><\/tbody><\/table><\/figure>\n\n\n\n<iframe loading=\"lazy\" src=\"https:\/\/drive.google.com\/file\/d\/1h1g9oWezZD0PQ0fz-dDaNA8u0eIv2-iP\/preview\" width=\"900\" height=\"500\" allow=\"autoplay\"><\/iframe>\n","protected":false},"excerpt":{"rendered":"<p>(14 a\u00f1os en adelante) para TECNICATURA DE INSTRUMENTO o (16 a\u00f1os en adelante) para PROFESORADO DE INSTRUMENTO LENGUAJE MUSICAL I4 m\u00f3dulos INSTRUMENTO 11 m\u00f3dulo APRECIACI\u00d3N MUSICAL 12 m\u00f3dulos PR\u00c1C. DE CONJUNTO VOCAL E INSTRUMENTAL 12 m\u00f3dulos PR\u00c1CTICA CORAL2 m\u00f3dulos FOBA 1 * FOBA 2 LENGUAJE MUSICAL II4 m\u00f3dulos INSTRUMENTO 21 m\u00f3dulo APRECIACI\u00d3N MUSICAL 22 m\u00f3dulos &#8230; <a title=\"FOrmacion BAsica (INSTRUMENTO)\" class=\"read-more\" href=\"https:\/\/cml-bue.infd.edu.ar\/sitio\/formacion-basica-instrumento\/\" aria-label=\"More on FOrmacion BAsica (INSTRUMENTO)\">[+]<\/a><\/p>\n","protected":false},"author":322,"featured_media":0,"parent":0,"menu_order":0,"comment_status":"closed","ping_status":"closed","template":"","meta":[],"acf":[],"_links":{"self":[{"href":"https:\/\/cml-bue.infd.edu.ar\/sitio\/wp-json\/wp\/v2\/pages\/2900"}],"collection":[{"href":"https:\/\/cml-bue.infd.edu.ar\/sitio\/wp-json\/wp\/v2\/pages"}],"about":[{"href":"https:\/\/cml-bue.infd.edu.ar\/sitio\/wp-json\/wp\/v2\/types\/page"}],"author":[{"embeddable":true,"href":"https:\/\/cml-bue.infd.edu.ar\/sitio\/wp-json\/wp\/v2\/users\/322"}],"replies":[{"embeddable":true,"href":"https:\/\/cml-bue.infd.edu.ar\/sitio\/wp-json\/wp\/v2\/comments?post=2900"}],"version-history":[{"count":6,"href":"https:\/\/cml-bue.infd.edu.ar\/sitio\/wp-json\/wp\/v2\/pages\/2900\/revisions"}],"predecessor-version":[{"id":3394,"href":"https:\/\/cml-bue.infd.edu.ar\/sitio\/wp-json\/wp\/v2\/pages\/2900\/revisions\/3394"}],"wp:attachment":[{"href":"https:\/\/cml-bue.infd.edu.ar\/sitio\/wp-json\/wp\/v2\/media?parent=2900"}],"curies":[{"name":"wp","href":"https:\/\/api.w.org\/{rel}","templated":true}]}}