{"id":3146,"date":"2025-11-18T08:22:38","date_gmt":"2025-11-18T11:22:38","guid":{"rendered":"https:\/\/cml-bue.infd.edu.ar\/sitio\/?page_id=3146"},"modified":"2026-02-19T14:21:51","modified_gmt":"2026-02-19T17:21:51","slug":"memoria-2025","status":"publish","type":"page","link":"https:\/\/cml-bue.infd.edu.ar\/sitio\/memoria-2025\/","title":{"rendered":"MEMORIA 2025"},"content":{"rendered":"\n<p>** P\u00e1gina WEB en construcci\u00f3n, en pr\u00f3ximos d\u00edas ir\u00e9 subiendo el resto del contenido de las actividades  2025 **<\/p>\n\n\n\n<figure class=\"wp-block-table\"><table><tbody><tr><td class=\"has-text-align-center\" data-align=\"center\">25 de Noviembre &#8211; 19:00 hs.<br><br><strong>Concierto de las c\u00e1tedras de \u201cEnsamble de improvisaci\u00f3n\u201d y<\/strong><br><strong>\u201cTaller de m\u00fasica popular\u201d.<\/strong><br><img decoding=\"async\" loading=\"lazy\" width=\"1600\" height=\"1204\" class=\"wp-image-3241\" style=\"width: 400px;\" src=\"https:\/\/cml-bue.infd.edu.ar\/sitio\/wp-content\/uploads\/2025\/11\/concierto-popular-balarino-.jpg\" alt=\"\" srcset=\"https:\/\/cml-bue.infd.edu.ar\/sitio\/wp-content\/uploads\/2025\/11\/concierto-popular-balarino-.jpg 1600w, https:\/\/cml-bue.infd.edu.ar\/sitio\/wp-content\/uploads\/2025\/11\/concierto-popular-balarino--1000x753.jpg 1000w, https:\/\/cml-bue.infd.edu.ar\/sitio\/wp-content\/uploads\/2025\/11\/concierto-popular-balarino--768x578.jpg 768w, https:\/\/cml-bue.infd.edu.ar\/sitio\/wp-content\/uploads\/2025\/11\/concierto-popular-balarino--1536x1156.jpg 1536w\" sizes=\"(max-width: 1600px) 100vw, 1600px\" \/><br>Prof. BALARINO<br>\u201cAuditorio Mariano Guezamburo\u201c<br><\/td><\/tr><tr><td class=\"has-text-align-center\" data-align=\"center\">25 de Noviembre &#8211; 18:00 hs.<br>Acto \u201cD\u00eda de la Soberan\u00eda Nacional\u201d<br><img decoding=\"async\" loading=\"lazy\" width=\"1240\" height=\"1204\" class=\"wp-image-3244\" style=\"width: 400px;\" src=\"https:\/\/cml-bue.infd.edu.ar\/sitio\/wp-content\/uploads\/2025\/11\/abanderados.jpg\" alt=\"\" srcset=\"https:\/\/cml-bue.infd.edu.ar\/sitio\/wp-content\/uploads\/2025\/11\/abanderados.jpg 1240w, https:\/\/cml-bue.infd.edu.ar\/sitio\/wp-content\/uploads\/2025\/11\/abanderados-1000x971.jpg 1000w, https:\/\/cml-bue.infd.edu.ar\/sitio\/wp-content\/uploads\/2025\/11\/abanderados-768x746.jpg 768w\" sizes=\"(max-width: 1240px) 100vw, 1240px\" \/><br>Auditorio Mariano Guezamburo\u201c<\/td><\/tr><tr><td class=\"has-text-align-center\" data-align=\"center\">20 de Noviembre &#8211; 20:00 hs<br><br><strong>CONCIERTO<\/strong><br><br><strong>\u201cRealizaci\u00f3n Musical Esc\u00e9nica\u201d<\/strong><br><strong>\u201cCentro de Estudiantes\u201d<\/strong><br><strong>\u201cNada Personal\u201d<\/strong><br><br><img decoding=\"async\" loading=\"lazy\" width=\"905\" height=\"1280\" class=\"wp-image-3237\" style=\"width: 400px;\" src=\"https:\/\/cml-bue.infd.edu.ar\/sitio\/wp-content\/uploads\/2025\/11\/ninos-Imagen-de-WhatsApp-2025-11-20-a-las-15.06.52_32fe1652.jpg\" alt=\"\" srcset=\"https:\/\/cml-bue.infd.edu.ar\/sitio\/wp-content\/uploads\/2025\/11\/ninos-Imagen-de-WhatsApp-2025-11-20-a-las-15.06.52_32fe1652.jpg 905w, https:\/\/cml-bue.infd.edu.ar\/sitio\/wp-content\/uploads\/2025\/11\/ninos-Imagen-de-WhatsApp-2025-11-20-a-las-15.06.52_32fe1652-707x1000.jpg 707w, https:\/\/cml-bue.infd.edu.ar\/sitio\/wp-content\/uploads\/2025\/11\/ninos-Imagen-de-WhatsApp-2025-11-20-a-las-15.06.52_32fe1652-768x1086.jpg 768w\" sizes=\"(max-width: 905px) 100vw, 905px\" \/><br>\u201cAuditorio Mariano Guezamburo\u201c<br><\/td><\/tr><tr><td class=\"has-text-align-center\" data-align=\"center\">19 de Noviembre &#8211; 19:00 hs.<br><br><strong>\u201cConcierto c\u00e1tedra de PIANO\u201d<\/strong><br><strong>Prof. RILLO, Prof. BALARINO<\/strong><br><img decoding=\"async\" loading=\"lazy\" width=\"1280\" height=\"960\" class=\"wp-image-3228\" style=\"width: 400px;\" src=\"https:\/\/cml-bue.infd.edu.ar\/sitio\/wp-content\/uploads\/2025\/11\/inicio-Imagen-de-WhatsApp-2025-11-19-a-las-21.49.01_99cca6e6.jpg\" alt=\"\" srcset=\"https:\/\/cml-bue.infd.edu.ar\/sitio\/wp-content\/uploads\/2025\/11\/inicio-Imagen-de-WhatsApp-2025-11-19-a-las-21.49.01_99cca6e6.jpg 1280w, https:\/\/cml-bue.infd.edu.ar\/sitio\/wp-content\/uploads\/2025\/11\/inicio-Imagen-de-WhatsApp-2025-11-19-a-las-21.49.01_99cca6e6-1000x750.jpg 1000w, https:\/\/cml-bue.infd.edu.ar\/sitio\/wp-content\/uploads\/2025\/11\/inicio-Imagen-de-WhatsApp-2025-11-19-a-las-21.49.01_99cca6e6-768x576.jpg 768w\" sizes=\"(max-width: 1280px) 100vw, 1280px\" \/><br>\u201cAuditorio Mariano Guezamburo\u201c<br><\/td><\/tr><tr><td class=\"has-text-align-center\" data-align=\"center\">18 de Noviembre &#8211; 18 hs <br><img decoding=\"async\" loading=\"lazy\" width=\"720\" height=\"1146\" class=\"wp-image-3215\" style=\"width: 400px;\" src=\"https:\/\/cml-bue.infd.edu.ar\/sitio\/wp-content\/uploads\/2025\/11\/sole-Imagen-de-WhatsApp-2025-11-18-a-las-17.35.47_73d884af.jpg\" alt=\"\" srcset=\"https:\/\/cml-bue.infd.edu.ar\/sitio\/wp-content\/uploads\/2025\/11\/sole-Imagen-de-WhatsApp-2025-11-18-a-las-17.35.47_73d884af.jpg 720w, https:\/\/cml-bue.infd.edu.ar\/sitio\/wp-content\/uploads\/2025\/11\/sole-Imagen-de-WhatsApp-2025-11-18-a-las-17.35.47_73d884af-628x1000.jpg 628w\" sizes=\"(max-width: 720px) 100vw, 720px\" \/><\/td><\/tr><tr><td class=\"has-text-align-center\" data-align=\"center\">18 de Noviembre &#8211; 14 a 16 hs<br><br><strong>CHARLA SOBRE SALUD MENTAL&nbsp;<\/strong><br><img decoding=\"async\" loading=\"lazy\" width=\"720\" height=\"1145\" class=\"wp-image-3184\" style=\"width: 400px;\" src=\"https:\/\/cml-bue.infd.edu.ar\/sitio\/wp-content\/uploads\/2025\/11\/saluid-magen-de-WhatsApp-2025-11-18-a-las-09.18.53_04bb7a03.jpg\" alt=\"\" srcset=\"https:\/\/cml-bue.infd.edu.ar\/sitio\/wp-content\/uploads\/2025\/11\/saluid-magen-de-WhatsApp-2025-11-18-a-las-09.18.53_04bb7a03.jpg 720w, https:\/\/cml-bue.infd.edu.ar\/sitio\/wp-content\/uploads\/2025\/11\/saluid-magen-de-WhatsApp-2025-11-18-a-las-09.18.53_04bb7a03-629x1000.jpg 629w\" sizes=\"(max-width: 720px) 100vw, 720px\" \/><br><strong>\u201cConvocatoria a todos los docentes de la instituci\u00f3n y alumnos\u201d<\/strong><br><\/td><\/tr><tr><td class=\"has-text-align-center\" data-align=\"center\">17 de Noviembre &#8211;&nbsp;19:00 hs<br><br><strong>\u201cEncuentro Coral\u201d<\/strong><br>Pr\u00e1ctica coral &#8211; ABADIA<br>Canto Colectivo &#8211; MEDINA<br>CORO MUNICIPAL<br><img decoding=\"async\" loading=\"lazy\" width=\"853\" height=\"1280\" class=\"wp-image-3165\" style=\"width: 400px;\" src=\"https:\/\/cml-bue.infd.edu.ar\/sitio\/wp-content\/uploads\/2025\/11\/coro-_-Imagen-de-WhatsApp-2025-11-14-a-las-13.51.45_d540a7f1.jpg\" alt=\"\" srcset=\"https:\/\/cml-bue.infd.edu.ar\/sitio\/wp-content\/uploads\/2025\/11\/coro-_-Imagen-de-WhatsApp-2025-11-14-a-las-13.51.45_d540a7f1.jpg 853w, https:\/\/cml-bue.infd.edu.ar\/sitio\/wp-content\/uploads\/2025\/11\/coro-_-Imagen-de-WhatsApp-2025-11-14-a-las-13.51.45_d540a7f1-666x1000.jpg 666w, https:\/\/cml-bue.infd.edu.ar\/sitio\/wp-content\/uploads\/2025\/11\/coro-_-Imagen-de-WhatsApp-2025-11-14-a-las-13.51.45_d540a7f1-768x1152.jpg 768w\" sizes=\"(max-width: 853px) 100vw, 853px\" \/><br><br>Cine Teatro \u201cPorta p\u00eda\u201d<br><br><img decoding=\"async\" loading=\"lazy\" width=\"1600\" height=\"900\" class=\"wp-image-3197\" style=\"width: 400px;\" src=\"https:\/\/cml-bue.infd.edu.ar\/sitio\/wp-content\/uploads\/2025\/11\/cantina-Imagen-de-WhatsApp-2025-11-17-a-las-18.31.52_2e4df00c.jpg\" alt=\"\" srcset=\"https:\/\/cml-bue.infd.edu.ar\/sitio\/wp-content\/uploads\/2025\/11\/cantina-Imagen-de-WhatsApp-2025-11-17-a-las-18.31.52_2e4df00c.jpg 1600w, https:\/\/cml-bue.infd.edu.ar\/sitio\/wp-content\/uploads\/2025\/11\/cantina-Imagen-de-WhatsApp-2025-11-17-a-las-18.31.52_2e4df00c-1000x563.jpg 1000w, https:\/\/cml-bue.infd.edu.ar\/sitio\/wp-content\/uploads\/2025\/11\/cantina-Imagen-de-WhatsApp-2025-11-17-a-las-18.31.52_2e4df00c-768x432.jpg 768w, https:\/\/cml-bue.infd.edu.ar\/sitio\/wp-content\/uploads\/2025\/11\/cantina-Imagen-de-WhatsApp-2025-11-17-a-las-18.31.52_2e4df00c-1536x864.jpg 1536w\" sizes=\"(max-width: 1600px) 100vw, 1600px\" \/><br>Cantina a cargo del CENTRO DE ESTUDIANTES<\/td><\/tr><tr><td class=\"has-text-align-center\" data-align=\"center\">14 de Noviembre &#8211;&nbsp;18:00 hs<br><br><strong>ACTO COLACI\u00d3N<\/strong><br><img decoding=\"async\" loading=\"lazy\" width=\"893\" height=\"1280\" class=\"wp-image-3187\" style=\"width: 400px;\" src=\"https:\/\/cml-bue.infd.edu.ar\/sitio\/wp-content\/uploads\/2025\/11\/colacion-Imagen-de-WhatsApp-2025-11-14-a-las-11.16.29_2db27d45.jpg\" alt=\"\" srcset=\"https:\/\/cml-bue.infd.edu.ar\/sitio\/wp-content\/uploads\/2025\/11\/colacion-Imagen-de-WhatsApp-2025-11-14-a-las-11.16.29_2db27d45.jpg 893w, https:\/\/cml-bue.infd.edu.ar\/sitio\/wp-content\/uploads\/2025\/11\/colacion-Imagen-de-WhatsApp-2025-11-14-a-las-11.16.29_2db27d45-698x1000.jpg 698w, https:\/\/cml-bue.infd.edu.ar\/sitio\/wp-content\/uploads\/2025\/11\/colacion-Imagen-de-WhatsApp-2025-11-14-a-las-11.16.29_2db27d45-768x1101.jpg 768w\" sizes=\"(max-width: 893px) 100vw, 893px\" \/><br>\u201cAuditorio Mariano Guezamburo\u201c<\/td><\/tr><tr><td class=\"has-text-align-center\" data-align=\"center\">14 de Noviembre &#8211; 11:00 hs<br><br><strong>\u201cConcierto c\u00e1tedra de SAXOF\u00d3N\u201d<\/strong><br><strong>Prof. SEDRAN.<\/strong><br><img decoding=\"async\" loading=\"lazy\" width=\"1599\" height=\"1599\" class=\"wp-image-3196\" style=\"width: 400px;\" src=\"https:\/\/cml-bue.infd.edu.ar\/sitio\/wp-content\/uploads\/2025\/11\/saxo-Imagen-de-WhatsApp-2025-11-18-a-las-11.58.04_baed7f55.jpg\" alt=\"\" srcset=\"https:\/\/cml-bue.infd.edu.ar\/sitio\/wp-content\/uploads\/2025\/11\/saxo-Imagen-de-WhatsApp-2025-11-18-a-las-11.58.04_baed7f55.jpg 1599w, https:\/\/cml-bue.infd.edu.ar\/sitio\/wp-content\/uploads\/2025\/11\/saxo-Imagen-de-WhatsApp-2025-11-18-a-las-11.58.04_baed7f55-1000x1000.jpg 1000w, https:\/\/cml-bue.infd.edu.ar\/sitio\/wp-content\/uploads\/2025\/11\/saxo-Imagen-de-WhatsApp-2025-11-18-a-las-11.58.04_baed7f55-500x500.jpg 500w, https:\/\/cml-bue.infd.edu.ar\/sitio\/wp-content\/uploads\/2025\/11\/saxo-Imagen-de-WhatsApp-2025-11-18-a-las-11.58.04_baed7f55-768x768.jpg 768w, https:\/\/cml-bue.infd.edu.ar\/sitio\/wp-content\/uploads\/2025\/11\/saxo-Imagen-de-WhatsApp-2025-11-18-a-las-11.58.04_baed7f55-1536x1536.jpg 1536w\" sizes=\"(max-width: 1599px) 100vw, 1599px\" \/><br>\u201cAuditorio Mariano Guezamburo\u201c<\/td><\/tr><tr><td class=\"has-text-align-center\" data-align=\"center\">13 de Noviembre &#8211; 18:00 hs<br><br><strong>Pic Nic y concierto a la gorra<\/strong><br><strong>Alumnos de&nbsp; Ciclo Medio 1<\/strong><br>Profesora: Concepci\u00f3n Rillo<br><img decoding=\"async\" loading=\"lazy\" width=\"1600\" height=\"1204\" class=\"wp-image-3193\" style=\"width: 400px;\" src=\"https:\/\/cml-bue.infd.edu.ar\/sitio\/wp-content\/uploads\/2025\/11\/picnicImagen-de-WhatsApp-2025-11-18-a-las-11.42.50_377acd35.jpg\" alt=\"\" srcset=\"https:\/\/cml-bue.infd.edu.ar\/sitio\/wp-content\/uploads\/2025\/11\/picnicImagen-de-WhatsApp-2025-11-18-a-las-11.42.50_377acd35.jpg 1600w, https:\/\/cml-bue.infd.edu.ar\/sitio\/wp-content\/uploads\/2025\/11\/picnicImagen-de-WhatsApp-2025-11-18-a-las-11.42.50_377acd35-1000x753.jpg 1000w, https:\/\/cml-bue.infd.edu.ar\/sitio\/wp-content\/uploads\/2025\/11\/picnicImagen-de-WhatsApp-2025-11-18-a-las-11.42.50_377acd35-768x578.jpg 768w, https:\/\/cml-bue.infd.edu.ar\/sitio\/wp-content\/uploads\/2025\/11\/picnicImagen-de-WhatsApp-2025-11-18-a-las-11.42.50_377acd35-1536x1156.jpg 1536w\" sizes=\"(max-width: 1600px) 100vw, 1600px\" \/><br>Lugar: plaza Rivadavia<br><\/td><\/tr><tr><td class=\"has-text-align-center\" data-align=\"center\">12 de Noviembre <br><br><strong>\u201cConcierto de Canto Popular\u201d Jazz &#8211; Tango &#8211; Folclore<\/strong><br><strong>Prof. SEVILLANO, Prof. PIAZZA, Prof.&nbsp; FIGUEROA<\/strong><br><img decoding=\"async\" loading=\"lazy\" width=\"1131\" height=\"1600\" class=\"wp-image-3190\" style=\"width: 400px;\" src=\"https:\/\/cml-bue.infd.edu.ar\/sitio\/wp-content\/uploads\/2025\/11\/Imagen-de-WhatsApp-2025-11-10-a-las-20.47.06_3245de7b.jpg\" alt=\"\" srcset=\"https:\/\/cml-bue.infd.edu.ar\/sitio\/wp-content\/uploads\/2025\/11\/Imagen-de-WhatsApp-2025-11-10-a-las-20.47.06_3245de7b.jpg 1131w, https:\/\/cml-bue.infd.edu.ar\/sitio\/wp-content\/uploads\/2025\/11\/Imagen-de-WhatsApp-2025-11-10-a-las-20.47.06_3245de7b-707x1000.jpg 707w, https:\/\/cml-bue.infd.edu.ar\/sitio\/wp-content\/uploads\/2025\/11\/Imagen-de-WhatsApp-2025-11-10-a-las-20.47.06_3245de7b-768x1086.jpg 768w, https:\/\/cml-bue.infd.edu.ar\/sitio\/wp-content\/uploads\/2025\/11\/Imagen-de-WhatsApp-2025-11-10-a-las-20.47.06_3245de7b-1086x1536.jpg 1086w\" sizes=\"(max-width: 1131px) 100vw, 1131px\" \/><br>\u201cAuditorio Mariano Guezamburo\u201c<\/td><\/tr><tr><td class=\"has-text-align-center\" data-align=\"center\">11 de Noviembre &#8211;&nbsp; 13:00 hs<br><br><strong>\u201cConcierto de Clarinete\u201d<\/strong><br><img decoding=\"async\" loading=\"lazy\" width=\"1080\" height=\"1080\" class=\"wp-image-3168\" style=\"width: 400px;\" src=\"https:\/\/cml-bue.infd.edu.ar\/sitio\/wp-content\/uploads\/2025\/11\/FLYER-2025.jpg\" alt=\"\" srcset=\"https:\/\/cml-bue.infd.edu.ar\/sitio\/wp-content\/uploads\/2025\/11\/FLYER-2025.jpg 1080w, https:\/\/cml-bue.infd.edu.ar\/sitio\/wp-content\/uploads\/2025\/11\/FLYER-2025-1000x1000.jpg 1000w, https:\/\/cml-bue.infd.edu.ar\/sitio\/wp-content\/uploads\/2025\/11\/FLYER-2025-500x500.jpg 500w, https:\/\/cml-bue.infd.edu.ar\/sitio\/wp-content\/uploads\/2025\/11\/FLYER-2025-768x768.jpg 768w\" sizes=\"(max-width: 1080px) 100vw, 1080px\" \/><br>Prof. ABREGO<br>\u201cAuditorio Mariano Guezamburo\u201c<\/td><\/tr><tr><td class=\"has-text-align-center\" data-align=\"center\">11 de Noviembre &#8211;&nbsp;14:00 hs<br><br><strong>\u201cEnsayo abierto de Pr\u00e1ctica coral\u201d<\/strong><br>Prof. GHIRARDI<br>\u201cAuditorio Mariano Guezamburo\u201c<\/td><\/tr><tr><td class=\"has-text-align-center\" data-align=\"center\">10 de Noviembre &#8211; 13:00 hs<br><br><strong>Acto dia de la Tradici\u00f3n&nbsp;<\/strong><br>\u201cAuditorio Mariano Guezamburo\u201c<\/td><\/tr><tr><td class=\"has-text-align-center\" data-align=\"center\">7 de Noviembre &#8211;\u00a0 9:00 hs<br><br><strong>\u201cHerramientas Metodol\u00f3gicas para la ense\u00f1anza del Lenguaje Musical\u201d<\/strong><br><em>( Capacitaci\u00f3n en el marco del Proyecto de Mejora Institucional INFOD).<\/em><br><img decoding=\"async\" loading=\"lazy\" width=\"1952\" height=\"2560\" class=\"wp-image-3219\" style=\"width: 400px;\" src=\"https:\/\/cml-bue.infd.edu.ar\/sitio\/wp-content\/uploads\/2025\/11\/GEDC4715-scaled.jpg\" alt=\"\" srcset=\"https:\/\/cml-bue.infd.edu.ar\/sitio\/wp-content\/uploads\/2025\/11\/GEDC4715-scaled.jpg 1952w, https:\/\/cml-bue.infd.edu.ar\/sitio\/wp-content\/uploads\/2025\/11\/GEDC4715-762x1000.jpg 762w, https:\/\/cml-bue.infd.edu.ar\/sitio\/wp-content\/uploads\/2025\/11\/GEDC4715-1449x1900.jpg 1449w, https:\/\/cml-bue.infd.edu.ar\/sitio\/wp-content\/uploads\/2025\/11\/GEDC4715-768x1007.jpg 768w, https:\/\/cml-bue.infd.edu.ar\/sitio\/wp-content\/uploads\/2025\/11\/GEDC4715-1171x1536.jpg 1171w, https:\/\/cml-bue.infd.edu.ar\/sitio\/wp-content\/uploads\/2025\/11\/GEDC4715-1562x2048.jpg 1562w\" sizes=\"(max-width: 1952px) 100vw, 1952px\" \/><br><strong>Profesora CECILIA ABECASIS<\/strong><br>\u201cAuditorio Mariano Guezamburo\u201c<br><br><img decoding=\"async\" loading=\"lazy\" width=\"2560\" height=\"1782\" class=\"wp-image-3217\" style=\"width: 400px;\" src=\"https:\/\/cml-bue.infd.edu.ar\/sitio\/wp-content\/uploads\/2025\/11\/GEDC4725-scaled.jpg\" alt=\"\" srcset=\"https:\/\/cml-bue.infd.edu.ar\/sitio\/wp-content\/uploads\/2025\/11\/GEDC4725-scaled.jpg 2560w, https:\/\/cml-bue.infd.edu.ar\/sitio\/wp-content\/uploads\/2025\/11\/GEDC4725-1000x696.jpg 1000w, https:\/\/cml-bue.infd.edu.ar\/sitio\/wp-content\/uploads\/2025\/11\/GEDC4725-1900x1323.jpg 1900w, https:\/\/cml-bue.infd.edu.ar\/sitio\/wp-content\/uploads\/2025\/11\/GEDC4725-768x535.jpg 768w, https:\/\/cml-bue.infd.edu.ar\/sitio\/wp-content\/uploads\/2025\/11\/GEDC4725-1536x1069.jpg 1536w, https:\/\/cml-bue.infd.edu.ar\/sitio\/wp-content\/uploads\/2025\/11\/GEDC4725-2048x1426.jpg 2048w\" sizes=\"(max-width: 2560px) 100vw, 2560px\" \/><br><br><strong>\u201cConvocatoria a todos los docentes de la instituci\u00f3n y alumnos de 3er y 4to a\u00f1o de las carreras\u201d<\/strong><br><br><a href=\"https:\/\/youtu.be\/lMAlCoEFXoE\" data-type=\"URL\" data-id=\"https:\/\/youtu.be\/lMAlCoEFXoE\" target=\"_blank\" rel=\"noreferrer noopener\">Para ver el Video Click Aqu\u00ed<\/a><br><\/td><\/tr><tr><td class=\"has-text-align-center\" data-align=\"center\"><\/td><\/tr><tr><td class=\"has-text-align-center\" data-align=\"center\"><\/td><\/tr><tr><td class=\"has-text-align-center\" data-align=\"center\">31 de Octubre &#8211;&nbsp;<br>19:00 hs<br><br><strong>\u201cConcierto de percusi\u00f3n\u201d<\/strong><br>participan ensambles de percusi\u00f3n<br>y alumnos de la catedra<br>Prof. ALDABE &#8211; VILLALBA<br>\u201cAuditorio Mariano Guezamburo\u201c<\/td><\/tr><tr><td class=\"has-text-align-center\" data-align=\"center\">31 de Octubre &#8211;&nbsp;<br>8:00 a 12:00 hs<br><br><strong>\u201cCierre evaluativo: Juego y desarrollo\u201d<\/strong><br>Prof. ROJO &#8211; GRASSI<br>\u201cISFDyT 14\u201d<\/td><\/tr><tr><td class=\"has-text-align-center\" data-align=\"center\">30 de Octubre &#8211;&nbsp;<br>8:00 a 12:00 hs<br><br><strong>\u201cTaller integrador interdisciplinario de nivel inicial\u201d<\/strong><br>Prof. ROJO &#8211; GRASSI<br>\u201cISFDyT 14\u201d<\/td><\/tr><tr><td class=\"has-text-align-center\" data-align=\"center\">29 de Octubre &#8211;&nbsp;<br>18:00 a 20:00 hs<br><br>\u201cBiblioteca humana\u201d<br>ISFDyT 14<br>Prof. RILLO C.<br><\/td><\/tr><tr><td class=\"has-text-align-center\" data-align=\"center\"><\/td><\/tr><tr><td class=\"has-text-align-center\" data-align=\"center\"><\/td><\/tr><\/tbody><\/table><\/figure>\n\n\n\n<figure class=\"wp-block-video\"><\/figure>\n\n\n\n<figure class=\"wp-block-video\"><\/figure>\n\n\n\n<figure class=\"wp-block-video\"><\/figure>\n","protected":false},"excerpt":{"rendered":"<p>** P\u00e1gina WEB en construcci\u00f3n, en pr\u00f3ximos d\u00edas ir\u00e9 subiendo el resto del contenido de las actividades 2025 ** 25 de Noviembre &#8211; 19:00 hs. Concierto de las c\u00e1tedras de \u201cEnsamble de improvisaci\u00f3n\u201d y\u201cTaller de m\u00fasica popular\u201d.Prof. BALARINO\u201cAuditorio Mariano Guezamburo\u201c 25 de Noviembre &#8211; 18:00 hs.Acto \u201cD\u00eda de la Soberan\u00eda Nacional\u201dAuditorio Mariano Guezamburo\u201c 20 de &#8230; <a title=\"MEMORIA 2025\" class=\"read-more\" href=\"https:\/\/cml-bue.infd.edu.ar\/sitio\/memoria-2025\/\" aria-label=\"More on MEMORIA 2025\">[+]<\/a><\/p>\n","protected":false},"author":322,"featured_media":0,"parent":0,"menu_order":0,"comment_status":"closed","ping_status":"closed","template":"","meta":[],"acf":[],"_links":{"self":[{"href":"https:\/\/cml-bue.infd.edu.ar\/sitio\/wp-json\/wp\/v2\/pages\/3146"}],"collection":[{"href":"https:\/\/cml-bue.infd.edu.ar\/sitio\/wp-json\/wp\/v2\/pages"}],"about":[{"href":"https:\/\/cml-bue.infd.edu.ar\/sitio\/wp-json\/wp\/v2\/types\/page"}],"author":[{"embeddable":true,"href":"https:\/\/cml-bue.infd.edu.ar\/sitio\/wp-json\/wp\/v2\/users\/322"}],"replies":[{"embeddable":true,"href":"https:\/\/cml-bue.infd.edu.ar\/sitio\/wp-json\/wp\/v2\/comments?post=3146"}],"version-history":[{"count":34,"href":"https:\/\/cml-bue.infd.edu.ar\/sitio\/wp-json\/wp\/v2\/pages\/3146\/revisions"}],"predecessor-version":[{"id":3291,"href":"https:\/\/cml-bue.infd.edu.ar\/sitio\/wp-json\/wp\/v2\/pages\/3146\/revisions\/3291"}],"wp:attachment":[{"href":"https:\/\/cml-bue.infd.edu.ar\/sitio\/wp-json\/wp\/v2\/media?parent=3146"}],"curies":[{"name":"wp","href":"https:\/\/api.w.org\/{rel}","templated":true}]}}