{"id":3516,"date":"2026-04-16T12:24:38","date_gmt":"2026-04-16T15:24:38","guid":{"rendered":"https:\/\/cml-bue.infd.edu.ar\/sitio\/?page_id=3516"},"modified":"2026-04-16T12:24:40","modified_gmt":"2026-04-16T15:24:40","slug":"plan-estudio-poi","status":"publish","type":"page","link":"https:\/\/cml-bue.infd.edu.ar\/sitio\/plan-estudio-poi\/","title":{"rendered":"Plan estudio POI"},"content":{"rendered":"\n<p><\/p>\n\n\n\n<p class=\"has-text-align-center has-contrast-2-color has-contrast-3-background-color has-text-color has-background has-medium-font-size\"><strong>PROFESORADO EN M\u00daSICA (Orientaci\u00f3n INSTRUMENTO)<\/strong><\/p>\n\n\n\n<p class=\"has-text-align-center\"><strong>RESOLUCI\u00d3N 13234\/99<\/strong><\/p>\n\n\n\n<p class=\"has-text-align-center\"><strong>DURACI\u00d3N<\/strong> <strong>CUATRO (4) A\u00d1OS<\/strong><\/p>\n\n\n\n<p><\/p>\n\n\n\n<h1 class=\"wp-block-heading has-text-align-center\" style=\"font-size:18px\">REQUISITOS DE INGRESO SECUNDARIO COMPLETO <strong>SEGUNDO NIVEL O SEGUNDO A\u00d1O DEL CICLO MEDIO DE LA FORMACI\u00d3N B\u00c1SICA EN M\u00daSICA COMPLETO (VER R\u00c9GIMEN DE<\/strong> <strong>CORRELATIVIDADES)<\/strong><\/h1>\n\n\n\n<p><\/p>\n\n\n\n<p class=\"has-text-align-center\"><strong>T\u00cdTULO<\/strong>:  <strong>Profesor en M\u00fasica (Orientaci\u00f3n Instrumento)<\/strong> <\/p>\n\n\n\n<hr class=\"wp-block-separator has-alpha-channel-opacity\"\/>\n\n\n\n<h1 class=\"wp-block-heading\">1\u00b0 A\u00d1O<\/h1>\n\n\n\n<figure class=\"wp-block-table has-small-font-size\"><table><tbody><tr><td class=\"has-text-align-center\" data-align=\"center\" colspan=\"3\"><strong>ESPACIO DE LA FUNDAMENTACI\u00d3N<\/strong> <strong>PEDAG\u00d3GICA<\/strong><\/td><td><strong>ESPACIO DE LA<\/strong> <strong>ESPECIALIZACI\u00d3N POR NIVELES<\/strong><\/td><td class=\"has-text-align-center\" data-align=\"center\" colspan=\"7\"><strong>ESPACIO DE LA ORIENTACI\u00d3N<\/strong><\/td><\/tr><tr><td class=\"has-text-align-center\" data-align=\"center\" colspan=\"3\" rowspan=\"2\">192 hs. reloj anuales<\/td><td rowspan=\"2\">64 hs. reloj anuales<\/td><td class=\"has-text-align-center\" data-align=\"center\" colspan=\"7\">416 hs. reloj anuales<\/td><\/tr><tr><td class=\"has-text-align-center\" data-align=\"center\" colspan=\"5\">\u00c1rea de Producci\u00f3n 224 hs.<\/td><td>\u00c1rea de Lenguaje\u2013 Recepci\u00f3n<\/td><td class=\"has-text-align-center\" data-align=\"center\">\u00c1rea de Vinculaciones Contextuales<\/td><\/tr><tr><td class=\"has-text-align-center\" data-align=\"center\">Perspectiva Filos\u00f3fico Pedag\u00f3gica I<\/td><td>Perspectiva Pedag\u00f3gico Did\u00e1ctica I<\/td><td class=\"has-text-align-center\" data-align=\"center\">Perspectiva Socio- pol\u00edtica<\/td><td>Psicolog\u00eda y Cultura en la Educaci\u00f3n<\/td><td>Instrumento I<\/td><td>Instrumento arm\u00f3nico I<\/td><td>Conjunto de C\u00e1mara I<\/td><td>Espacio Institucional Alternativo I <a id=\"_ftnref1\" href=\"#_ftn1\"><sup>[1]<\/sup><\/a> <br>&#8211; Orquesta I<br>&#8211; Repertorio I<\/td><td>Taller de Trabajo Corporal<\/td><td>Elementos T\u00e9cnicos de la M\u00fasica I<\/td><td>Historia de la M\u00fasica I<\/td><\/tr><tr><td class=\"has-text-align-center\" data-align=\"center\">64 hs. reloj anuales<\/td><td>64 hs. reloj anuales<\/td><td class=\"has-text-align-center\" data-align=\"center\">64 hs. reloj anuales<\/td><td>64 hs. reloj anuales<\/td><td>32 hs. reloj anuales<\/td><td>32 hs. reloj anuales<\/td><td>32 hs. reloj anuales<\/td><td>64 hs. reloj anuales<\/td><td>64 hs. reloj anuales<\/td><td>128 hs. reloj anuales<\/td><td>64 hs. reloj anuales<\/td><\/tr><tr><td class=\"has-text-align-center\" data-align=\"center\" colspan=\"11\"><strong>FORMACI\u00d3N \u00c9TICA, MUNDO CONTEMPOR\u00c1NEO atraviesan todos los espacios<\/strong><\/td><\/tr><tr><td class=\"has-text-align-center\" data-align=\"center\" colspan=\"11\"><strong>ESPACIO DE LA PR\u00c1CTICA DOCENTE I<\/strong> 64 hs. reloj anuales<\/td><\/tr><tr><td class=\"has-text-align-center\" data-align=\"center\" colspan=\"11\"><strong>TOTAL HORAS ANUALES: 736 hs.<\/strong><\/td><\/tr><\/tbody><\/table><\/figure>\n\n\n\n<p class=\"has-small-font-size\"><a href=\"#_ftnref1\" id=\"_ftn1\">[1]<\/a> Para este Espacio se presentan las siguientes alternativas:<\/p>\n\n\n\n<p class=\"has-small-font-size\"><strong>Guitarra \u2013 Piano<\/strong>: Este Espacio se utilizar\u00e1 para Repertorio del instrumento. An\u00e1lisis, audici\u00f3n y lectura de repertorio de diversos estilos.<\/p>\n\n\n\n<p class=\"has-small-font-size\"><strong>Dem\u00e1s\u00a0 instrumentos<\/strong>: Se utilizar\u00e1\u00a0 este Espacio para la pr\u00e1ctica de Banda u orquesta, para los casos de Instituciones que tengan un cuerpo en la misma Instituci\u00f3n.<\/p>\n\n\n\n<hr class=\"wp-block-separator has-alpha-channel-opacity\"\/>\n\n\n\n<h1 class=\"wp-block-heading\">2\u00b0 A\u00d1O<\/h1>\n\n\n\n<figure class=\"wp-block-table has-small-font-size\"><table><tbody><tr><td class=\"has-text-align-center\" data-align=\"center\" colspan=\"2\"><strong>ESPACIO DE LA<\/strong> <strong>FUNDAMENTACI\u00d3N PEDAG\u00d3GICA<\/strong><\/td><td class=\"has-text-align-center\" data-align=\"center\"><strong>ESPACIO DE LA<\/strong> <strong>ESPECIALIZACI\u00d3N POR NIVELES<\/strong><\/td><td class=\"has-text-align-center\" data-align=\"center\" colspan=\"7\"><strong>ESPACIO DE LA ORIENTACI\u00d3N<\/strong><\/td><\/tr><tr><td class=\"has-text-align-center\" data-align=\"center\" colspan=\"2\" rowspan=\"2\">128 hs. reloj anuales<\/td><td class=\"has-text-align-center\" data-align=\"center\" rowspan=\"2\">64 hs. reloj anuales<\/td><td class=\"has-text-align-center\" data-align=\"center\" colspan=\"7\">480 hs. reloj anuales<\/td><\/tr><tr><td class=\"has-text-align-center\" data-align=\"center\" colspan=\"4\">\u00c1rea de Producci\u00f3n 224 hs.<\/td><td class=\"has-text-align-center\" data-align=\"center\">\u00c1rea de Lenguaj e &#8211; Recepci \u00f3n<\/td><td class=\"has-text-align-center\" data-align=\"center\">\u00c1rea de Vinculaciones Contextuales<\/td><td>Espacio Institucional<\/td><\/tr><tr><td class=\"has-text-align-center\" data-align=\"center\">Perspectiva Filos\u00f3fico- Pedag\u00f3gica II<\/td><td class=\"has-text-align-center\" data-align=\"center\">Perspectiva Pedag\u00f3gico- Did\u00e1ctica II<\/td><td class=\"has-text-align-center\" data-align=\"center\">Psicolog\u00eda y Cultura en la ni\u00f1ez<\/td><td>Instrumento II<\/td><td>Conjunto de C\u00e1mara II<\/td><td>Espacio Institucional Alternativo II <a id=\"_ftnref1\" href=\"#_ftn1\"><sup>[1]<\/sup><\/a> <br><br>&#8211; Orquesta II<br>&#8211; Repertorio II<\/td><td>Taller de M\u00fasica Popular<\/td><td>Element os T\u00e9cnico s de la M\u00fasica II<\/td><td>Historia de la M\u00fasica II<\/td><td><em>Audioperceptiva<\/em><\/td><\/tr><tr><td class=\"has-text-align-center\" data-align=\"center\">64 hs. reloj anuales<\/td><td class=\"has-text-align-center\" data-align=\"center\">64 hs. reloj anuales<\/td><td class=\"has-text-align-center\" data-align=\"center\">64 hs. reloj anuales<\/td><td>64 hs. reloj anuales<\/td><td>32 hs. reloj anuales<\/td><td>64 hs. reloj anuales<\/td><td>64 hs. reloj anuales<\/td><td>128 hs. reloj anuales<\/td><td>64 hs. reloj anuales<\/td><td>64 hs. reloj anuales<\/td><\/tr><tr><td class=\"has-text-align-center\" data-align=\"center\" colspan=\"10\"><strong>FORMACI\u00d3N \u00c9TICA, MUNDO CONTEMPOR\u00c1NEO<\/strong> atraviesan todos los espacios<\/td><\/tr><tr><td class=\"has-text-align-center\" data-align=\"center\" colspan=\"10\"><strong>ESPACIO DE LA PR\u00c1CTICA DOCENTE II<\/strong> 64 hs. reloj anuales<\/td><\/tr><tr><td class=\"has-text-align-center\" data-align=\"center\" colspan=\"10\"><strong>TOTAL HORAS ANUALES: 736<\/strong><\/td><\/tr><\/tbody><\/table><\/figure>\n\n\n\n<p class=\"has-small-font-size\">[1] <strong>Guitarra \u2013 Piano<\/strong>: Este Espacio se utilizar\u00e1 para Repertorio del instrumento. An\u00e1lisis, audici\u00f3n y lectura de repertorio de diversos estilos.<\/p>\n\n\n\n<p class=\"has-small-font-size\"><strong>Dem\u00e1s&nbsp; instrumentos<\/strong>: Se utilizar\u00e1&nbsp; este Espacio para la pr\u00e1ctica de Banda u orquesta, para los casos de Instituciones que tengan un cuerpo en la misma Instituci\u00f3n.<\/p>\n\n\n\n<p><\/p>\n\n\n\n<p><\/p>\n\n\n\n<p><\/p>\n\n\n\n<hr class=\"wp-block-separator has-alpha-channel-opacity\"\/>\n\n\n\n<h1 class=\"wp-block-heading\">3\u00b0 A\u00d1O<\/h1>\n\n\n\n<figure class=\"wp-block-table has-small-font-size\"><table><tbody><tr><td class=\"has-text-align-center\" data-align=\"center\" colspan=\"2\"><strong>ESPACIO DE LA&nbsp; FUNDAMENTACI\u00d3N<\/strong><\/td><td class=\"has-text-align-center\" data-align=\"center\"><strong>ESPACIO DE LA<\/strong> <strong>ESPECIALIZACI\u00d3N POR NIVELES<\/strong><\/td><td class=\"has-text-align-center\" data-align=\"center\" colspan=\"7\"><strong>ESPACIO DE LA ORIENTACI\u00d3N<\/strong><\/td><\/tr><tr><td class=\"has-text-align-center\" data-align=\"center\" colspan=\"2\" rowspan=\"2\">128 hs. reloj anuales<\/td><td class=\"has-text-align-center\" data-align=\"center\" rowspan=\"2\">64 hs. reloj anuales<\/td><td class=\"has-text-align-center\" data-align=\"center\" colspan=\"7\">480 hs. reloj anuales<\/td><\/tr><tr><td class=\"has-text-align-center\" data-align=\"center\" colspan=\"4\">\u00c1rea de Producci\u00f3n 224 hs.<\/td><td class=\"has-text-align-center\" data-align=\"center\">\u00c1rea de Lenguaje\u2013 Recepci\u00f3n<\/td><td class=\"has-text-align-center\" data-align=\"center\">\u00c1rea de Vinculaciones Contextuales<\/td><td>Espacio Institucional<\/td><\/tr><tr><td class=\"has-text-align-center\" data-align=\"center\">Perspectiva Filos\u00f3fico- Pedag\u00f3gica Did\u00e1ctica<\/td><td class=\"has-text-align-center\" data-align=\"center\">Perspectiva Pol\u00edtico\u2013 Institucional<\/td><td class=\"has-text-align-center\" data-align=\"center\">Psicolog\u00eda y Cultura en la juventud y adultez<\/td><td>Instrumento III<\/td><td>Conjunto de C\u00e1mara III<\/td><td>Ac\u00fastica<\/td><td>T\u00e9cnicas de Improvisaci\u00f3n<\/td><td>Elementos T\u00e9cnicos de la M\u00fasica III<\/td><td>Historia de la M\u00fasica III<\/td><td><em>Taller de Folclore<\/em><\/td><\/tr><tr><td class=\"has-text-align-center\" data-align=\"center\">64 hs. reloj anuales<\/td><td class=\"has-text-align-center\" data-align=\"center\">64 hs. reloj anuales<\/td><td class=\"has-text-align-center\" data-align=\"center\">64 hs. reloj anuales<\/td><td>64 hs. reloj anuales<\/td><td>32 hs. reloj anuales<\/td><td>64 hs. reloj anuales<\/td><td>64 hs. reloj anuales<\/td><td>128 hs. reloj anuales<\/td><td>64 hs. reloj anuales<\/td><td>64 hs. reloj anuales<\/td><\/tr><tr><td class=\"has-text-align-center\" data-align=\"center\" colspan=\"10\">FORMACI\u00d3N \u00c9TICA, MUNDO CONTEMPOR\u00c1NEO atraviesan todos los espacios<\/td><\/tr><tr><td class=\"has-text-align-center\" data-align=\"center\" colspan=\"10\"><strong>ESPACIO DE LA PR\u00c1CTICA DOCENTE III<\/strong> 64 hs. reloj anuales<\/td><\/tr><tr><td class=\"has-text-align-center\" data-align=\"center\" colspan=\"10\"><strong>TOTAL HORAS ANUALES: 736<\/strong><\/td><\/tr><\/tbody><\/table><\/figure>\n\n\n\n<p><\/p>\n\n\n\n<hr class=\"wp-block-separator has-alpha-channel-opacity\"\/>\n\n\n\n<h1 class=\"wp-block-heading\">4\u00b0 A\u00d1O<\/h1>\n\n\n\n<figure class=\"wp-block-table has-small-font-size\"><table><tbody><tr><td class=\"has-text-align-center\" data-align=\"center\" colspan=\"8\"><strong>ESPACIO DE LA ORIENTACI\u00d3N<\/strong><\/td><\/tr><tr><td class=\"has-text-align-center\" data-align=\"center\" colspan=\"8\">544 hs. reloj anuales<\/td><\/tr><tr><td class=\"has-text-align-center\" data-align=\"center\" colspan=\"3\"><strong>\u00c1rea de Producci\u00f3n 160hs. reloj anuales<\/strong><\/td><td class=\"has-text-align-center\" data-align=\"center\" colspan=\"2\"><strong>\u00c1rea de Lenguaje &#8211; Recepci\u00f3n<\/strong><\/td><td class=\"has-text-align-center\" data-align=\"center\" colspan=\"2\"><strong>\u00c1rea de Vinculaciones Contextuales<\/strong> 192hs. reloj anuales<\/td><td class=\"has-text-align-center\" data-align=\"center\"><strong>Espacio Institucional<\/strong><\/td><\/tr><tr><td class=\"has-text-align-center\" data-align=\"center\">Instrumento IV<\/td><td class=\"has-text-align-center\" data-align=\"center\">Conjunto de C\u00e1mara IV<\/td><td class=\"has-text-align-center\" data-align=\"center\">Medios Electroac\u00fasticos<\/td><td class=\"has-text-align-center\" data-align=\"center\">Elementos T\u00e9cnicos de la M\u00fasica IV<\/td><td>Historia de la M\u00fasica Argentina y Latinoamericana<\/td><td>Literatura<\/td><td>Artes Visuales<\/td><td>Introducci\u00f3n al lenguaje de la m\u00fasica del siglo XX<\/td><\/tr><tr><td class=\"has-text-align-center\" data-align=\"center\">64 hs. reloj anuales<\/td><td class=\"has-text-align-center\" data-align=\"center\">32 hs. reloj anuales<\/td><td class=\"has-text-align-center\" data-align=\"center\">64 hs. reloj anuales<\/td><td class=\"has-text-align-center\" data-align=\"center\">128 hs. reloj anuales<\/td><td>64 hs. reloj anuales<\/td><td>64 hs. reloj anuales<\/td><td>64 hs. reloj anuales<\/td><td>64 hs. reloj anuales<\/td><\/tr><tr><td class=\"has-text-align-center\" data-align=\"center\" colspan=\"8\"><strong>FORMACI\u00d3N \u00c9TICA, MUNDO CONTEMPOR\u00c1NEO <\/strong>atraviesan todos los espacios<\/td><\/tr><tr><td class=\"has-text-align-center\" data-align=\"center\" colspan=\"8\"><strong>ESPACIO DE LA PR\u00c1CTICA DOCENTE IV<\/strong> 64 hs. reloj anuales<\/td><\/tr><tr><td class=\"has-text-align-center\" data-align=\"center\" colspan=\"8\"><strong>TOTAL HORAS ANUALES: 608<\/strong><\/td><\/tr><\/tbody><\/table><\/figure>\n\n\n\n<p><\/p>\n\n\n\n<p class=\"has-medium-font-size\"><strong>T\u00edtulo: Profesor en M\u00fasica (Orientaci\u00f3n Instrumento)<\/strong><\/p>\n","protected":false},"excerpt":{"rendered":"<p>PROFESORADO EN M\u00daSICA (Orientaci\u00f3n INSTRUMENTO) RESOLUCI\u00d3N 13234\/99 DURACI\u00d3N CUATRO (4) A\u00d1OS REQUISITOS DE INGRESO SECUNDARIO COMPLETO SEGUNDO NIVEL O SEGUNDO A\u00d1O DEL CICLO MEDIO DE LA FORMACI\u00d3N B\u00c1SICA EN M\u00daSICA COMPLETO (VER R\u00c9GIMEN DE CORRELATIVIDADES) T\u00cdTULO: Profesor en M\u00fasica (Orientaci\u00f3n Instrumento) 1\u00b0 A\u00d1O ESPACIO DE LA FUNDAMENTACI\u00d3N PEDAG\u00d3GICA ESPACIO DE LA ESPECIALIZACI\u00d3N POR NIVELES ESPACIO &#8230; <a title=\"Plan estudio POI\" class=\"read-more\" href=\"https:\/\/cml-bue.infd.edu.ar\/sitio\/plan-estudio-poi\/\" aria-label=\"More on Plan estudio POI\">[+]<\/a><\/p>\n","protected":false},"author":322,"featured_media":0,"parent":0,"menu_order":0,"comment_status":"closed","ping_status":"closed","template":"","meta":[],"acf":[],"_links":{"self":[{"href":"https:\/\/cml-bue.infd.edu.ar\/sitio\/wp-json\/wp\/v2\/pages\/3516"}],"collection":[{"href":"https:\/\/cml-bue.infd.edu.ar\/sitio\/wp-json\/wp\/v2\/pages"}],"about":[{"href":"https:\/\/cml-bue.infd.edu.ar\/sitio\/wp-json\/wp\/v2\/types\/page"}],"author":[{"embeddable":true,"href":"https:\/\/cml-bue.infd.edu.ar\/sitio\/wp-json\/wp\/v2\/users\/322"}],"replies":[{"embeddable":true,"href":"https:\/\/cml-bue.infd.edu.ar\/sitio\/wp-json\/wp\/v2\/comments?post=3516"}],"version-history":[{"count":7,"href":"https:\/\/cml-bue.infd.edu.ar\/sitio\/wp-json\/wp\/v2\/pages\/3516\/revisions"}],"predecessor-version":[{"id":3523,"href":"https:\/\/cml-bue.infd.edu.ar\/sitio\/wp-json\/wp\/v2\/pages\/3516\/revisions\/3523"}],"wp:attachment":[{"href":"https:\/\/cml-bue.infd.edu.ar\/sitio\/wp-json\/wp\/v2\/media?parent=3516"}],"curies":[{"name":"wp","href":"https:\/\/api.w.org\/{rel}","templated":true}]}}