{"id":3529,"date":"2026-04-16T17:17:29","date_gmt":"2026-04-16T20:17:29","guid":{"rendered":"https:\/\/cml-bue.infd.edu.ar\/sitio\/?page_id=3529"},"modified":"2026-04-16T18:42:32","modified_gmt":"2026-04-16T21:42:32","slug":"plan-estudio-pem","status":"publish","type":"page","link":"https:\/\/cml-bue.infd.edu.ar\/sitio\/plan-estudio-pem\/","title":{"rendered":"Plan estudio PEM"},"content":{"rendered":"\n<p><\/p>\n\n\n\n<p class=\"has-text-align-center\"><strong>ESTRUCTURA CURRICULAR<\/strong><\/p>\n\n\n\n<p class=\"has-text-align-center\"><strong>Profesorado de M\u00fasica (Orientaci\u00f3n en Educaci\u00f3n Musical)<\/strong><\/p>\n\n\n\n<p class=\"has-text-align-center\"><strong>T\u00edtulo que otorga: Profesor de M\u00fasica (orientaci\u00f3n en Educaci\u00f3n Musical)<\/strong><\/p>\n\n\n\n<p class=\"has-large-font-size\">1er A\u00f1o<\/p>\n\n\n\n<figure class=\"wp-block-table has-small-font-size\"><table><tbody><tr><td><strong>Campos de Formaci\u00f3n<\/strong><\/td><td><strong>Materia<\/strong><br>N\u00b0<\/td><td><strong>Asignatura<\/strong><\/td><td><strong>Horas<\/strong><\/td><\/tr><tr><td><strong><em>Espec\u00edfica<\/em><\/strong><\/td><td>1<\/td><td>Lenguaje Musical I<\/td><td>128<\/td><\/tr><tr><td><strong>&nbsp;<\/strong><\/td><td>2<\/td><td>Producci\u00f3n y An\u00e1lisis Musical I<\/td><td>64<\/td><\/tr><tr><td><strong>&nbsp;<\/strong><\/td><td>3<\/td><td>Instrumento Arm\u00f3nico I<\/td><td>32<\/td><\/tr><tr><td><strong>&nbsp;<\/strong><\/td><td>4<\/td><td>Canto Colectivo I<\/td><td>64<\/td><\/tr><tr><td><strong>&nbsp;<\/strong><\/td><td>5<\/td><td>Percusi\u00f3n<\/td><td>64<\/td><\/tr><tr><td><strong>&nbsp;<\/strong><\/td><td>6<\/td><td>Trabajo Corporal<\/td><td>64<\/td><\/tr><tr><td><strong><em>Pr\u00e1ctica Profesional<\/em><\/strong><\/td><td>7<\/td><td>Pr\u00e1ctica Docente I<\/td><td>96<\/td><\/tr><tr><td><strong><em>General<\/em><\/strong><\/td><td>8<\/td><td>Fundamentos de la Educaci\u00f3n<\/td><td>64<\/td><\/tr><tr><td><strong><em>&nbsp;<\/em><\/strong><\/td><td>9<\/td><td>Psicolog\u00eda de la Educaci\u00f3n I<\/td><td>64<\/td><\/tr><tr><td><strong>&nbsp;<\/strong><\/td><td>10<\/td><td>Historia Social General<\/td><td>64<\/td><\/tr><\/tbody><\/table><\/figure>\n\n\n\n<hr class=\"wp-block-separator has-alpha-channel-opacity\"\/>\n\n\n\n<p class=\"has-large-font-size\">2do A\u00f1o<\/p>\n\n\n\n<figure class=\"wp-block-table has-small-font-size\"><table><tbody><tr><td><strong>Campos de Formaci\u00f3n<\/strong><\/td><td><strong>Materia<\/strong><br>N\u00b0<\/td><td><strong>Asignaturas<\/strong><\/td><td><strong>Horas<\/strong><\/td><\/tr><tr><td><strong><em>Espec\u00edfica<\/em><\/strong><\/td><td>11<\/td><td>Lenguaje Musical II<\/td><td>128<\/td><\/tr><tr><td><strong>&nbsp;<\/strong><\/td><td>12<\/td><td>Producci\u00f3n y An\u00e1lisis Musical II<\/td><td>64<\/td><\/tr><tr><td><strong>&nbsp;<\/strong><\/td><td>13<\/td><td>Historia de la M\u00fasica I<\/td><td>64<\/td><\/tr><tr><td><strong>&nbsp;<\/strong><\/td><td>14<\/td><td>Instrumento Arm\u00f3nico II<\/td><td>32<\/td><\/tr><tr><td><strong>&nbsp;<\/strong><\/td><td>15<\/td><td>Canto Colectivo II<\/td><td>64<\/td><\/tr><tr><td><strong>&nbsp;<\/strong><\/td><td>16<\/td><td>Conjuntos Vocales e Instrumentales I<\/td><td>64<\/td><\/tr><tr><td><strong><em>Pr\u00e1ctica Profesional<\/em><\/strong><\/td><td>17<\/td><td>Pr\u00e1ctica Docente II<\/td><td>96<\/td><\/tr><tr><td><strong><em>General<\/em><\/strong><\/td><td>18<\/td><td>Did\u00e1ctica General<\/td><td>64<\/td><\/tr><tr><td><strong><em>&nbsp;<\/em><\/strong><\/td><td>19<\/td><td>Psicolog\u00eda de la Educaci\u00f3n II<\/td><td>64<\/td><\/tr><tr><td><strong>&nbsp;<\/strong><\/td><td>20<\/td><td>Historia sociopol\u00edtica de Latinoam\u00e9rica y Argentina<\/td><td>64<\/td><\/tr><\/tbody><\/table><\/figure>\n\n\n\n<hr class=\"wp-block-separator has-alpha-channel-opacity\"\/>\n\n\n\n<p class=\"has-large-font-size\">3er A\u00f1o<\/p>\n\n\n\n<figure class=\"wp-block-table has-small-font-size\"><table><tbody><tr><td><strong>Campos de Formaci\u00f3n<\/strong><\/td><td><strong>Materia <\/strong><br>N\u00b0<\/td><td><strong>Asignatura<\/strong><\/td><td><strong>Horas<\/strong><\/td><\/tr><tr><td><strong><em>Espec\u00edfica<\/em><\/strong><\/td><td>21<\/td><td>Lenguaje Musical III<\/td><td>128<\/td><\/tr><tr><td><strong>&nbsp;<\/strong><\/td><td>22<\/td><td>Historia de la M\u00fasica II<\/td><td>64<\/td><\/tr><tr><td><strong>&nbsp;<\/strong><\/td><td>23<\/td><td>Instrumento Arm\u00f3nico III<\/td><td>32<\/td><\/tr><tr><td><strong>&nbsp;<\/strong><\/td><td>24<\/td><td>Inform\u00e1tica y Medios Electroac\u00fasticos<\/td><td>64<\/td><\/tr><tr><td><strong>&nbsp;<\/strong><\/td><td>25<\/td><td>Conjuntos Vocales e Instrumentales II<\/td><td>64<\/td><\/tr><tr><td><strong>&nbsp;<\/strong><\/td><td>26<\/td><td>Did\u00e1ctica de la M\u00fasica I<\/td><td>96<\/td><\/tr><tr><td><strong><em>Pr\u00e1ctica Profesional<\/em><\/strong><\/td><td>27<\/td><td>Pr\u00e1ctica Docente III<\/td><td>128<\/td><\/tr><tr><td><strong><em>General<\/em><\/strong><\/td><td>28<\/td><td>Pol\u00edtica Educativa<\/td><td>64<\/td><\/tr><tr><td><strong>&nbsp;<\/strong><\/td><td>29<\/td><td>Teor\u00edas del Arte I<\/td><td>64<\/td><\/tr><\/tbody><\/table><\/figure>\n\n\n\n<hr class=\"wp-block-separator has-alpha-channel-opacity\"\/>\n\n\n\n<p class=\"has-large-font-size\">4to a\u00f1o<\/p>\n\n\n\n<figure class=\"wp-block-table has-small-font-size\"><table><tbody><tr><td><strong>Campos de Formaci<\/strong>\u00f3n<\/td><td>Materia <br>N\u00b0<\/td><td><strong>Asignaturas<\/strong><\/td><td><strong>Horas<\/strong><\/td><\/tr><tr><td><strong><em>Espec\u00edfica<\/em><\/strong><\/td><td>30<\/td><td>Lenguaje Musical IV<\/td><td>128<\/td><\/tr><tr><td><strong>&nbsp;<\/strong><\/td><td>31<\/td><td>Historia de la M\u00fasica III<\/td><td>64<\/td><\/tr><tr><td><strong>&nbsp;<\/strong><\/td><td>32<\/td><td>Instrumento Arm\u00f3nico IV<\/td><td>32<\/td><\/tr><tr><td><strong>&nbsp;<\/strong><\/td><td>33<\/td><td>Realizaci\u00f3n Musical-Esc\u00e9nica<\/td><td>64<\/td><\/tr><tr><td><strong>&nbsp;<\/strong><\/td><td>34<\/td><td>Did\u00e1ctica de la M\u00fasica II<\/td><td>96<\/td><\/tr><tr><td><strong><em>Pr\u00e1ctica Profesional<\/em><\/strong><\/td><td>35<\/td><td>Pr\u00e1ctica Docente IV<\/td><td>128<\/td><\/tr><tr><td><strong><em>General<\/em><\/strong><\/td><td>36<\/td><td>Teor\u00edas del Arte II<\/td><td>64<\/td><\/tr><tr><td><strong>&nbsp;<\/strong><\/td><td>37<\/td><td>Metodolog\u00eda de la Investigaci\u00f3n en Artes<\/td><td>96<\/td><\/tr><\/tbody><\/table><\/figure>\n\n\n\n<hr class=\"wp-block-separator has-alpha-channel-opacity\"\/>\n\n\n\n<figure class=\"wp-block-table has-small-font-size\"><table><tbody><tr><td>&nbsp;<\/td><td><strong>Campos de Formaci\u00f3n<\/strong><\/td><td>&nbsp;<\/td><td><strong>Asignaturas<\/strong><\/td><td><strong>Horas<\/strong><\/td><\/tr><tr><td>&nbsp;<\/td><td>Institucional<\/td><td>&nbsp;<\/td><td>Espacios de Definici\u00f3n Institucional<\/td><td>256<\/td><\/tr><tr><td colspan=\"3\">37 ASIGNATURAS + EDI<\/td><td>HORAS TOTALES:<\/td><td>3040<\/td><\/tr><tr><td colspan=\"5\">La carga horaria establecida para los EDI podr\u00e1 dividirse como lo defina la Instituci\u00f3n (tipo de unidad curricular, carga horaria, r\u00e9gimen de promoci\u00f3n y ubicaci\u00f3n en el plan de estudios)<\/td><\/tr><\/tbody><\/table><\/figure>\n\n\n\n<p><\/p>\n\n\n\n<hr class=\"wp-block-separator has-alpha-channel-opacity\"\/>\n\n\n\n<p><\/p>\n","protected":false},"excerpt":{"rendered":"<p>ESTRUCTURA CURRICULAR Profesorado de M\u00fasica (Orientaci\u00f3n en Educaci\u00f3n Musical) T\u00edtulo que otorga: Profesor de M\u00fasica (orientaci\u00f3n en Educaci\u00f3n Musical) 1er A\u00f1o Campos de Formaci\u00f3n MateriaN\u00b0 Asignatura Horas Espec\u00edfica 1 Lenguaje Musical I 128 &nbsp; 2 Producci\u00f3n y An\u00e1lisis Musical I 64 &nbsp; 3 Instrumento Arm\u00f3nico I 32 &nbsp; 4 Canto Colectivo I 64 &nbsp; 5 &#8230; <a title=\"Plan estudio PEM\" class=\"read-more\" href=\"https:\/\/cml-bue.infd.edu.ar\/sitio\/plan-estudio-pem\/\" aria-label=\"More on Plan estudio PEM\">[+]<\/a><\/p>\n","protected":false},"author":322,"featured_media":0,"parent":0,"menu_order":0,"comment_status":"closed","ping_status":"closed","template":"","meta":[],"acf":[],"_links":{"self":[{"href":"https:\/\/cml-bue.infd.edu.ar\/sitio\/wp-json\/wp\/v2\/pages\/3529"}],"collection":[{"href":"https:\/\/cml-bue.infd.edu.ar\/sitio\/wp-json\/wp\/v2\/pages"}],"about":[{"href":"https:\/\/cml-bue.infd.edu.ar\/sitio\/wp-json\/wp\/v2\/types\/page"}],"author":[{"embeddable":true,"href":"https:\/\/cml-bue.infd.edu.ar\/sitio\/wp-json\/wp\/v2\/users\/322"}],"replies":[{"embeddable":true,"href":"https:\/\/cml-bue.infd.edu.ar\/sitio\/wp-json\/wp\/v2\/comments?post=3529"}],"version-history":[{"count":5,"href":"https:\/\/cml-bue.infd.edu.ar\/sitio\/wp-json\/wp\/v2\/pages\/3529\/revisions"}],"predecessor-version":[{"id":3538,"href":"https:\/\/cml-bue.infd.edu.ar\/sitio\/wp-json\/wp\/v2\/pages\/3529\/revisions\/3538"}],"wp:attachment":[{"href":"https:\/\/cml-bue.infd.edu.ar\/sitio\/wp-json\/wp\/v2\/media?parent=3529"}],"curies":[{"name":"wp","href":"https:\/\/api.w.org\/{rel}","templated":true}]}}