{"id":3548,"date":"2026-04-16T18:52:34","date_gmt":"2026-04-16T21:52:34","guid":{"rendered":"https:\/\/cml-bue.infd.edu.ar\/sitio\/?page_id=3548"},"modified":"2026-04-16T18:55:58","modified_gmt":"2026-04-16T21:55:58","slug":"correlatividades-pem","status":"publish","type":"page","link":"https:\/\/cml-bue.infd.edu.ar\/sitio\/correlatividades-pem\/","title":{"rendered":"Correlatividades PEM"},"content":{"rendered":"\n<p class=\"has-accent-color has-text-color has-large-font-size\"><strong>Profesorado Orientado en Educaci\u00f3n Musical<\/strong><\/p>\n\n\n\n<p>Primer A\u00f1o&nbsp;<\/p>\n\n\n\n<figure class=\"wp-block-table\"><table><tbody><tr><td><strong>N\u00ba<\/strong><\/td><td><strong>MATERIA<\/strong><\/td><td><strong>CORRELATIVAS<\/strong><\/td><\/tr><tr><td>1<\/td><td>Lenguaje musical I<\/td><td>Instrumento Arm\u00f3nico (FOBA)<br>Lenguaje&nbsp; Musical (FOBA)<br>Apreciaci\u00f3n Musical I. (FOBA)<\/td><\/tr><tr><td>2<\/td><td>Producci\u00f3n y an\u00e1lisis musical I<\/td><td>Instrumento Arm\u00f3nico (FOBA)<br>Lenguaje&nbsp; Musical (FOBA)<br>Apreciaci\u00f3n Musical I (FOBA)<\/td><\/tr><tr><td>3<\/td><td>Instrumento arm\u00f3nico I<\/td><td>Instrumento Arm\u00f3nico (FOBA)<\/td><\/tr><tr><td>4<\/td><td>Canto colectivo I<\/td><td>Pr\u00e1ctica Coral (FOBA)<\/td><\/tr><tr><td>5<\/td><td>Percusi\u00f3n<\/td><td>Pr\u00e1ctica de Conjunto Vocal e Instrumental I (FOBA)<\/td><\/tr><tr><td>6<\/td><td>Trabajo Corporal<\/td><td>Lenguaje Musical (FOBA)<\/td><\/tr><tr><td>7<\/td><td>Pr\u00e1ctica Docente I<\/td><td>FOBA COMPLETO<\/td><\/tr><tr><td>8<\/td><td>Fundamentos de la Educaci\u00f3n<\/td><td>FOBA COMPLETO<\/td><\/tr><tr><td>9<\/td><td>Psicolog\u00eda de la Educaci\u00f3n I<\/td><td>FOBA COMPLETO<\/td><\/tr><tr><td>10<\/td><td>Historia Social General<\/td><td>FOBA COMPLETO<\/td><\/tr><\/tbody><\/table><\/figure>\n\n\n\n<hr class=\"wp-block-separator has-alpha-channel-opacity\"\/>\n\n\n\n<p>Segundo A\u00f1o<\/p>\n\n\n\n<figure class=\"wp-block-table\"><table><tbody><tr><td>1<\/td><td>Lenguaje musical II<\/td><td>Lenguaje musical I;<br>Instrumento arm\u00f3nico I<\/td><\/tr><tr><td>2<\/td><td>Producci\u00f3n y an\u00e1lisis musical II<\/td><td>Producci\u00f3n y an\u00e1lisis musical I<\/td><\/tr><tr><td>3<\/td><td>Historia de la m\u00fasica I<\/td><td>Lenguaje musical I<\/td><\/tr><tr><td>4<\/td><td>Instrumento arm\u00f3nico II<\/td><td>Instrumento arm\u00f3nico I<\/td><\/tr><tr><td>5<\/td><td>Canto colectivo II<\/td><td>Canto colectivo I<\/td><\/tr><tr><td>6<\/td><td>Conjuntos vocales e instrumentales I<\/td><td>Producci\u00f3n y an\u00e1lisis musical I<\/td><\/tr><tr><td>7<\/td><td>Pr\u00e1ctica Docente II<\/td><td>Pr\u00e1ctica Docente I;<br>Fundamentos de la educaci\u00f3n;<br>Psicolog\u00eda de la Educaci\u00f3n I<\/td><\/tr><tr><td>8<\/td><td>Did\u00e1ctica General<\/td><td>Fundamentos de la Educaci\u00f3n;<br>Psicolog\u00eda de la Educaci\u00f3n I<\/td><\/tr><tr><td>9<\/td><td>Psicolog\u00eda de la Educaci\u00f3n II<\/td><td>Psicolog\u00eda&nbsp; de la Educaci\u00f3n I;<br>Fundamentos de la Educaci\u00f3n<\/td><\/tr><tr><td>10<\/td><td>Historia Sociopol\u00edtica de Latinoam\u00e9rica y Argentina<\/td><td>Historia Social General<\/td><\/tr><\/tbody><\/table><\/figure>\n\n\n\n<hr class=\"wp-block-separator has-alpha-channel-opacity\"\/>\n\n\n\n<p>Tercer A\u00f1o<\/p>\n\n\n\n<figure class=\"wp-block-table\"><table><tbody><tr><td>1<\/td><td>Lenguaje musical III<\/td><td>Lenguaje musical II;<br>Instrumento arm\u00f3nico II<\/td><\/tr><tr><td>2<\/td><td>Historia de la m\u00fasica II<\/td><td>Historia de la m\u00fasica I<\/td><\/tr><tr><td>3<\/td><td>Instrumento arm\u00f3nico III<\/td><td>Instrumento arm\u00f3nico II;<br>Lenguaje musical I<\/td><\/tr><tr><td>4<\/td><td>Inform\u00e1tica y medios electroac\u00fasticos<\/td><td>Lenguaje musical I<\/td><\/tr><tr><td>5<\/td><td>Conjuntos vocales e instrumentales II<\/td><td>Conjuntos vocales e instrumentales I<\/td><\/tr><tr><td>6<\/td><td>Did\u00e1ctica de la M\u00fasica I<\/td><td>Did\u00e1ctica General;<br>Psicolog\u00eda de la Educaci\u00f3n II;<br>Pr\u00e1ctica Docente II<\/td><\/tr><tr><td>7<\/td><td>Pr\u00e1ctica Docente III*<\/td><td>Segundo a\u00f1o completo&nbsp;<\/td><\/tr><tr><td>8<\/td><td>Pol\u00edtica Educativa<\/td><td>Did\u00e1ctica General;<br>Historia Sociopol\u00edtica de Latinoam\u00e9rica y Argentina<\/td><\/tr><tr><td>9<\/td><td>Teor\u00edas del arte I<\/td><td>Historia sociopol\u00edtica de Latinoam\u00e9rica y Argentina;<br>Historia de la M\u00fasica I.<\/td><\/tr><\/tbody><\/table><\/figure>\n\n\n\n<hr class=\"wp-block-separator has-alpha-channel-opacity\"\/>\n\n\n\n<p>Cuarto A\u00f1o&nbsp;<\/p>\n\n\n\n<figure class=\"wp-block-table\"><table><tbody><tr><td>1<\/td><td>Lenguaje musical IV<\/td><td>Lenguaje musical III; Instrumento arm\u00f3nico III<\/td><\/tr><tr><td>2<\/td><td>Historia de la m\u00fasica III<\/td><td>Historia de la m\u00fasica II<\/td><\/tr><tr><td>3<\/td><td>Instrumento arm\u00f3nico IV<\/td><td>Instrumento arm\u00f3nico III; Lenguaje musical III<\/td><\/tr><tr><td>4<\/td><td>Realizaci\u00f3n musical-esc\u00e9nica<\/td><td>Producci\u00f3n y an\u00e1lisis musical II; Conjuntos vocales e instrumentales I; Trabajo Corporal; Canto colectivo II.<\/td><\/tr><tr><td>5<\/td><td>Did\u00e1ctica de la M\u00fasica II<\/td><td>Did\u00e1ctica de la M\u00fasica I; Pol\u00edtica Educativa; Pr\u00e1ctica Docente III<\/td><\/tr><tr><td>6<\/td><td>Pr\u00e1ctica Docente IV*<\/td><td>Tercer a\u00f1o completo<\/td><\/tr><tr><td>7<\/td><td>Teor\u00edas del arte II<\/td><td>Teor\u00edas del arte I; Historia de la M\u00fasica II&nbsp;<\/td><\/tr><tr><td>8<\/td><td>Metodolog\u00eda de la investigaci\u00f3n en Artes<\/td><td>Teor\u00edas del arte I; Historia de la M\u00fasica II<\/td><\/tr><\/tbody><\/table><\/figure>\n\n\n\n<p>* Para cursar Pr\u00e1ctica Docente III y IV, el alumno deber\u00e1 cursar en paralelo la Did\u00e1ctica espec\u00edfica del nivel o tener la cursada de la misma aprobada.<\/p>\n","protected":false},"excerpt":{"rendered":"<p>Profesorado Orientado en Educaci\u00f3n Musical Primer A\u00f1o&nbsp; N\u00ba MATERIA CORRELATIVAS 1 Lenguaje musical I Instrumento Arm\u00f3nico (FOBA)Lenguaje&nbsp; Musical (FOBA)Apreciaci\u00f3n Musical I. (FOBA) 2 Producci\u00f3n y an\u00e1lisis musical I Instrumento Arm\u00f3nico (FOBA)Lenguaje&nbsp; Musical (FOBA)Apreciaci\u00f3n Musical I (FOBA) 3 Instrumento arm\u00f3nico I Instrumento Arm\u00f3nico (FOBA) 4 Canto colectivo I Pr\u00e1ctica Coral (FOBA) 5 Percusi\u00f3n Pr\u00e1ctica de Conjunto &#8230; <a title=\"Correlatividades PEM\" class=\"read-more\" href=\"https:\/\/cml-bue.infd.edu.ar\/sitio\/correlatividades-pem\/\" aria-label=\"More on Correlatividades PEM\">[+]<\/a><\/p>\n","protected":false},"author":322,"featured_media":0,"parent":0,"menu_order":0,"comment_status":"closed","ping_status":"closed","template":"","meta":[],"acf":[],"_links":{"self":[{"href":"https:\/\/cml-bue.infd.edu.ar\/sitio\/wp-json\/wp\/v2\/pages\/3548"}],"collection":[{"href":"https:\/\/cml-bue.infd.edu.ar\/sitio\/wp-json\/wp\/v2\/pages"}],"about":[{"href":"https:\/\/cml-bue.infd.edu.ar\/sitio\/wp-json\/wp\/v2\/types\/page"}],"author":[{"embeddable":true,"href":"https:\/\/cml-bue.infd.edu.ar\/sitio\/wp-json\/wp\/v2\/users\/322"}],"replies":[{"embeddable":true,"href":"https:\/\/cml-bue.infd.edu.ar\/sitio\/wp-json\/wp\/v2\/comments?post=3548"}],"version-history":[{"count":3,"href":"https:\/\/cml-bue.infd.edu.ar\/sitio\/wp-json\/wp\/v2\/pages\/3548\/revisions"}],"predecessor-version":[{"id":3555,"href":"https:\/\/cml-bue.infd.edu.ar\/sitio\/wp-json\/wp\/v2\/pages\/3548\/revisions\/3555"}],"wp:attachment":[{"href":"https:\/\/cml-bue.infd.edu.ar\/sitio\/wp-json\/wp\/v2\/media?parent=3548"}],"curies":[{"name":"wp","href":"https:\/\/api.w.org\/{rel}","templated":true}]}}